{"id":6,"date":"2024-01-20T20:37:27","date_gmt":"2024-01-20T19:37:27","guid":{"rendered":"http:\/\/dachfensterinfo.de\/cms\/?page_id=6"},"modified":"2024-02-12T11:36:54","modified_gmt":"2024-02-12T10:36:54","slug":"wie-alt-ist-mein-dachfenster","status":"publish","type":"page","link":"https:\/\/dachfensterinfo.de\/cms\/wie-alt-ist-mein-dachfenster\/","title":{"rendered":"Wie alt ist mein Dachfenster?"},"content":{"rendered":"\n<div class=\"wp-block-group alignfull has-accent-background-color has-background has-global-padding is-layout-constrained wp-container-core-group-is-layout-669513ed wp-block-group-is-layout-constrained\" style=\"margin-top:0;margin-bottom:0;padding-top:var(--wp--preset--spacing--50);padding-right:var(--wp--preset--spacing--50);padding-bottom:var(--wp--preset--spacing--50);padding-left:var(--wp--preset--spacing--50)\">\n<div class=\"wp-block-columns alignwide is-layout-flex wp-container-core-columns-is-layout-1da03c2a wp-block-columns-is-layout-flex\">\n<div class=\"wp-block-column is-vertically-aligned-stretch is-layout-flow wp-block-column-is-layout-flow\" style=\"flex-basis:50%\">\n<div class=\"wp-block-group is-vertical is-content-justification-stretch is-layout-flex wp-container-core-group-is-layout-444d5ee8 wp-block-group-is-layout-flex\" style=\"min-height:100%\">\n<p class=\"has-heading-font-family has-x-large-font-size\" style=\"line-height:1.2\">Aufschluss gibt dazu das Typenschild der VELUX Dachfenster. Dies befindet sich auf dem Fensterrahmen.<\/p>\n\n\n\n<div class=\"wp-block-group has-global-padding is-content-justification-left is-layout-constrained wp-container-core-group-is-layout-9fe8ed88 wp-block-group-is-layout-constrained\">\n<p class=\"wp-container-content-0733e5d0\">Je nach Generation des VELUX Dachfensters sieht das Typenschild anders aus oder ist rechts platziert.<\/p>\n\n\n\n<div class=\"wp-block-buttons is-layout-flex wp-block-buttons-is-layout-flex\">\n<div class=\"wp-block-button is-style-outline is-style-outline--1\"><a class=\"wp-block-button__link wp-element-button\" href=\"http:\/\/dachfensterinfo.de\/cms\/wo-finde-ich-das-velux-typenschild\/\">Wie k\u00f6nnen die VELUX Typenschilder aussehen?<\/a><\/div>\n<\/div>\n<\/div>\n<\/div>\n<\/div>\n\n\n\n<div class=\"wp-block-column is-vertically-aligned-center is-layout-flow wp-block-column-is-layout-flow\" style=\"flex-basis:50%\">\n<figure class=\"wp-block-image size-large is-style-rounded is-style-rounded--2\"><img loading=\"lazy\" decoding=\"async\" width=\"1024\" height=\"768\" src=\"https:\/\/dachfensterinfo.de\/cms\/wp-content\/uploads\/2024\/01\/velux-typenschild-1024x768.jpg\" alt=\"\" class=\"wp-image-30\" style=\"aspect-ratio:3\/4;object-fit:cover\"\/><\/figure>\n<\/div>\n<\/div>\n<\/div>\n\n\n\n<div class=\"wp-block-group alignfull has-base-2-background-color has-background has-global-padding is-layout-constrained wp-container-core-group-is-layout-d89aad35 wp-block-group-is-layout-constrained\" style=\"margin-top:0;margin-bottom:0;padding-top:var(--wp--preset--spacing--50);padding-right:var(--wp--preset--spacing--50);padding-bottom:var(--wp--preset--spacing--50);padding-left:var(--wp--preset--spacing--50)\">\n<div class=\"wp-block-columns alignwide is-layout-flex wp-container-core-columns-is-layout-1da03c2a wp-block-columns-is-layout-flex\">\n<div class=\"wp-block-column is-vertically-aligned-center is-layout-flow wp-block-column-is-layout-flow\" style=\"flex-basis:60%\">\n<figure data-wp-context=\"{&quot;imageId&quot;:&quot;69f28373bb2ef&quot;}\" data-wp-interactive=\"core\/image\" data-wp-key=\"69f28373bb2ef\" class=\"wp-block-image size-full is-style-rounded wp-duotone-unset-4 is-style-rounded--3 wp-lightbox-container\"><img loading=\"lazy\" decoding=\"async\" width=\"800\" height=\"600\" data-wp-class--hide=\"state.isContentHidden\" data-wp-class--show=\"state.isContentVisible\" data-wp-init=\"callbacks.setButtonStyles\" data-wp-on--click=\"actions.showLightbox\" data-wp-on--load=\"callbacks.setButtonStyles\" data-wp-on-window--resize=\"callbacks.setButtonStyles\" src=\"https:\/\/dachfensterinfo.de\/cms\/wp-content\/uploads\/2024\/01\/velux_typenschild_kuenstliche_intelligenz-e1707734117637.jpg\" alt=\"\" class=\"wp-image-29\" style=\"aspect-ratio:4\/3;object-fit:cover\"\/><button\n\t\t\tclass=\"lightbox-trigger\"\n\t\t\ttype=\"button\"\n\t\t\taria-haspopup=\"dialog\"\n\t\t\taria-label=\"Vergr\u00f6\u00dfern\"\n\t\t\tdata-wp-init=\"callbacks.initTriggerButton\"\n\t\t\tdata-wp-on--click=\"actions.showLightbox\"\n\t\t\tdata-wp-style--right=\"state.imageButtonRight\"\n\t\t\tdata-wp-style--top=\"state.imageButtonTop\"\n\t\t>\n\t\t\t<svg xmlns=\"http:\/\/www.w3.org\/2000\/svg\" width=\"12\" height=\"12\" fill=\"none\" viewBox=\"0 0 12 12\">\n\t\t\t\t<path fill=\"#fff\" d=\"M2 0a2 2 0 0 0-2 2v2h1.5V2a.5.5 0 0 1 .5-.5h2V0H2Zm2 10.5H2a.5.5 0 0 1-.5-.5V8H0v2a2 2 0 0 0 2 2h2v-1.5ZM8 12v-1.5h2a.5.5 0 0 0 .5-.5V8H12v2a2 2 0 0 1-2 2H8Zm2-12a2 2 0 0 1 2 2v2h-1.5V2a.5.5 0 0 0-.5-.5H8V0h2Z\" \/>\n\t\t\t<\/svg>\n\t\t<\/button><\/figure>\n<\/div>\n\n\n\n<div class=\"wp-block-column is-layout-flow wp-block-column-is-layout-flow\" style=\"flex-basis:40%\">\n<h2 class=\"wp-block-heading\">Jetzt meine Dachfenster analysieren<\/h2>\n\n\n\n<p>Eine k\u00fcnstliche Intelligenz wird das Bild analysieren und versuchen die Typenschilder zu erkennen und zu lesen.<br><br>H\u00e4ufig sind die Typenschilder stark verschmutzt. Sollte dies bei Dir der Fall sein, dann muss das Typenschild zumindest von groben Schmutz befreit sein.<\/p>\n\n\n\n<div class=\"wp-block-buttons is-layout-flex wp-block-buttons-is-layout-flex\">\n<div class=\"wp-block-button\"><a class=\"wp-block-button__link wp-element-button\" href=\"\/de\/typeplate\">Zur Dachfenster Analyse<\/a><\/div>\n<\/div>\n<\/div>\n<\/div>\n<\/div>\n\n\n\n<div class=\"wp-block-group alignfull has-base-color has-contrast-background-color has-text-color has-background has-link-color wp-elements-eb77921b38cc0fefa7186a6382ac2918 has-global-padding is-layout-constrained wp-container-core-group-is-layout-d89aad35 wp-block-group-is-layout-constrained\" style=\"margin-top:0;margin-bottom:0;padding-top:var(--wp--preset--spacing--50);padding-right:var(--wp--preset--spacing--50);padding-bottom:var(--wp--preset--spacing--50);padding-left:var(--wp--preset--spacing--50)\">\n<h2 class=\"wp-block-heading alignwide has-base-color has-text-color has-link-color wp-elements-c9b5699bdecff18878afa112249018b5\" style=\"font-size:clamp(4.509rem, 4.509rem + ((1vw - 0.2rem) * 9.152), 10rem);letter-spacing:-0.02em\">FAQs<\/h2>\n\n\n\n<div class=\"wp-block-group alignwide is-layout-flow wp-block-group-is-layout-flow\">\n<hr class=\"wp-block-separator has-text-color has-base-color has-alpha-channel-opacity has-base-background-color has-background is-style-wide\"\/>\n\n\n\n<details class=\"wp-block-details is-style-arrow-icon-details has-medium-font-size is-layout-flow wp-block-details-is-layout-flow\" style=\"border-top-style:none;border-top-width:0px;border-right-style:none;border-right-width:0px;border-bottom-color:var(--wp--preset--color--base);border-bottom-style:solid;border-bottom-width:1px;border-left-style:none;border-left-width:0px;margin-top:0\"><summary>Muss ich die Typenschilder reinigen?<\/summary>\n<p class=\"has-contrast-1-color has-text-color has-link-color wp-elements-fe58dd2e81c03790abba13b56f7bc87e\">Die Typenschilder k\u00f6nnen im Lauf der Jahre stark verschmutzen. Zur Analyse der Typenschilder m\u00fcssen diese nicht absolut sauber sein, aber sollten von grobem Schmutz und Staub befreit sein.<\/p>\n<\/details>\n\n\n\n<details class=\"wp-block-details is-style-arrow-icon-details has-medium-font-size is-layout-flow wp-block-details-is-layout-flow\" style=\"border-top-style:none;border-top-width:0px;border-right-style:none;border-right-width:0px;border-bottom-color:var(--wp--preset--color--base);border-bottom-style:solid;border-bottom-width:1px;border-left-style:none;border-left-width:0px;margin-top:0\"><summary>Meine Fotos sind stark \u00fcberbelichtet. Was kann ich tun?<\/summary>\n<p class=\"has-contrast-1-color has-text-color has-link-color wp-elements-668466f7e21a56be2d1136611c31f42a\">Fotografierst du die Typenschilder, richtest du automatisch die Kamera zum Himmel. Das kann dazu f\u00fchren, dass die Kamera \u00fcberbelichtet und das Typenschild nicht richtig erkennbar ist. Mit einem St\u00fcck Pappe kannst du hier Abhilfe schaffen.<\/p>\n<\/details>\n\n\n\n<details class=\"wp-block-details is-style-arrow-icon-details has-medium-font-size is-layout-flow wp-block-details-is-layout-flow\" style=\"border-top-style:none;border-top-width:0px;border-right-style:none;border-right-width:0px;border-bottom-color:var(--wp--preset--color--base);border-bottom-style:solid;border-bottom-width:1px;border-left-style:none;border-left-width:0px;margin-top:0\"><summary>Wie nah soll ich die Typenschilder fotografieren?<\/summary>\n<p class=\"has-contrast-1-color has-text-color has-link-color wp-elements-bcaf7334b4d05e029b9277b3aeef2efb\">Am besten fotografierst du das Typenschild in einem Abstand von 20-40cm.<\/p>\n<\/details>\n\n\n\n<details class=\"wp-block-details is-style-arrow-icon-details has-medium-font-size is-layout-flow wp-block-details-is-layout-flow\" style=\"border-top-style:none;border-top-width:0px;border-right-style:none;border-right-width:0px;border-bottom-color:var(--wp--preset--color--base);border-bottom-style:solid;border-bottom-width:1px;border-left-style:none;border-left-width:0px;margin-top:0\"><summary>Kann ich auch Typenschilder von Roto, Fakro oder Braas einschicken?<\/summary>\n<p class=\"has-contrast-1-color has-text-color has-link-color wp-elements-5fa69bf05e976385b300a949ce5806e3\">Aktuell k\u00f6nnen wir diese Typenschilder noch nicht automatisch analysieren lassen. Aber wenn du sie hochl\u00e4dst, werden wir diese f\u00fcr dich analysieren und dir das Ergebnis per E-Mail zusenden.<\/p>\n<\/details>\n\n\n\n<div style=\"margin-top:var(--wp--preset--spacing--10);margin-bottom:0;height:var(--wp--preset--spacing--10)\" aria-hidden=\"true\" class=\"wp-block-spacer\"><\/div>\n<\/div>\n<\/div>\n","protected":false},"excerpt":{"rendered":"<p>Aufschluss gibt dazu das Typenschild der VELUX Dachfenster. Dies befindet sich auf dem Fensterrahmen. Je nach Generation des VELUX Dachfensters sieht das Typenschild anders aus oder ist rechts platziert. Jetzt meine Dachfenster analysieren Eine k\u00fcnstliche Intelligenz wird das Bild analysieren und versuchen die Typenschilder zu erkennen und zu lesen. H\u00e4ufig sind die Typenschilder stark verschmutzt. [&hellip;]<\/p>\n","protected":false},"author":1,"featured_media":0,"parent":0,"menu_order":0,"comment_status":"closed","ping_status":"closed","template":"","meta":{"footnotes":""},"class_list":["post-6","page","type-page","status-publish","hentry"],"yoast_head":"<!-- This site is optimized with the Yoast SEO plugin v27.5 - https:\/\/yoast.com\/product\/yoast-seo-wordpress\/ -->\n<title>Wie alt ist mein Dachfenster?<\/title>\n<meta name=\"description\" content=\"Finde heraus wie alt dein Dachfenster ist und erhalte direkt Hilfe und Empfehlungen f\u00fcr dein Dachfenster: Wartung, Austausch oder Zubeh\u00f6r.\" \/>\n<meta name=\"robots\" content=\"index, follow, max-snippet:-1, max-image-preview:large, max-video-preview:-1\" \/>\n<link rel=\"canonical\" href=\"https:\/\/dachfensterinfo.de\/cms\/wie-alt-ist-mein-dachfenster\/\" \/>\n<meta property=\"og:locale\" content=\"de_DE\" \/>\n<meta property=\"og:type\" content=\"article\" \/>\n<meta property=\"og:title\" content=\"Wie alt ist mein Dachfenster?\" \/>\n<meta property=\"og:description\" content=\"Finde heraus wie alt dein Dachfenster ist und erhalte direkt Hilfe und Empfehlungen f\u00fcr dein Dachfenster: Wartung, Austausch oder Zubeh\u00f6r.\" \/>\n<meta property=\"og:url\" content=\"https:\/\/dachfensterinfo.de\/cms\/wie-alt-ist-mein-dachfenster\/\" \/>\n<meta property=\"og:site_name\" content=\"dachfensterinfo.de\" \/>\n<meta property=\"article:publisher\" content=\"https:\/\/www.facebook.com\/dachfensterinfo\" \/>\n<meta property=\"article:modified_time\" content=\"2024-02-12T10:36:54+00:00\" \/>\n<meta property=\"og:image\" content=\"https:\/\/dachfensterinfo.de\/cms\/wp-content\/uploads\/2024\/01\/velux-typenschild-1024x768.jpg\" \/>\n<meta name=\"twitter:card\" content=\"summary_large_image\" \/>\n<meta name=\"twitter:label1\" content=\"Gesch\u00e4tzte Lesezeit\" \/>\n\t<meta name=\"twitter:data1\" content=\"2\u00a0Minuten\" \/>\n<script type=\"application\/ld+json\" class=\"yoast-schema-graph\">{\"@context\":\"https:\\\/\\\/schema.org\",\"@graph\":[{\"@type\":\"WebPage\",\"@id\":\"https:\\\/\\\/dachfensterinfo.de\\\/cms\\\/wie-alt-ist-mein-dachfenster\\\/\",\"url\":\"https:\\\/\\\/dachfensterinfo.de\\\/cms\\\/wie-alt-ist-mein-dachfenster\\\/\",\"name\":\"Wie alt ist mein Dachfenster?\",\"isPartOf\":{\"@id\":\"https:\\\/\\\/dachfensterinfo.de\\\/cms\\\/#website\"},\"primaryImageOfPage\":{\"@id\":\"https:\\\/\\\/dachfensterinfo.de\\\/cms\\\/wie-alt-ist-mein-dachfenster\\\/#primaryimage\"},\"image\":{\"@id\":\"https:\\\/\\\/dachfensterinfo.de\\\/cms\\\/wie-alt-ist-mein-dachfenster\\\/#primaryimage\"},\"thumbnailUrl\":\"https:\\\/\\\/dachfensterinfo.de\\\/cms\\\/wp-content\\\/uploads\\\/2024\\\/01\\\/velux-typenschild-1024x768.jpg\",\"datePublished\":\"2024-01-20T19:37:27+00:00\",\"dateModified\":\"2024-02-12T10:36:54+00:00\",\"description\":\"Finde heraus wie alt dein Dachfenster ist und erhalte direkt Hilfe und Empfehlungen f\u00fcr dein Dachfenster: Wartung, Austausch oder Zubeh\u00f6r.\",\"breadcrumb\":{\"@id\":\"https:\\\/\\\/dachfensterinfo.de\\\/cms\\\/wie-alt-ist-mein-dachfenster\\\/#breadcrumb\"},\"inLanguage\":\"de\",\"potentialAction\":[{\"@type\":\"ReadAction\",\"target\":[\"https:\\\/\\\/dachfensterinfo.de\\\/cms\\\/wie-alt-ist-mein-dachfenster\\\/\"]}]},{\"@type\":\"ImageObject\",\"inLanguage\":\"de\",\"@id\":\"https:\\\/\\\/dachfensterinfo.de\\\/cms\\\/wie-alt-ist-mein-dachfenster\\\/#primaryimage\",\"url\":\"\",\"contentUrl\":\"\"},{\"@type\":\"BreadcrumbList\",\"@id\":\"https:\\\/\\\/dachfensterinfo.de\\\/cms\\\/wie-alt-ist-mein-dachfenster\\\/#breadcrumb\",\"itemListElement\":[{\"@type\":\"ListItem\",\"position\":1,\"name\":\"Startseite\",\"item\":\"https:\\\/\\\/dachfensterinfo.de\\\/cms\\\/\"},{\"@type\":\"ListItem\",\"position\":2,\"name\":\"Wie alt ist mein Dachfenster?\"}]},{\"@type\":\"WebSite\",\"@id\":\"https:\\\/\\\/dachfensterinfo.de\\\/cms\\\/#website\",\"url\":\"https:\\\/\\\/dachfensterinfo.de\\\/cms\\\/\",\"name\":\"dachfensterinfo.de\",\"description\":\"\",\"publisher\":{\"@id\":\"https:\\\/\\\/dachfensterinfo.de\\\/cms\\\/#organization\"},\"potentialAction\":[{\"@type\":\"SearchAction\",\"target\":{\"@type\":\"EntryPoint\",\"urlTemplate\":\"https:\\\/\\\/dachfensterinfo.de\\\/cms\\\/?s={search_term_string}\"},\"query-input\":{\"@type\":\"PropertyValueSpecification\",\"valueRequired\":true,\"valueName\":\"search_term_string\"}}],\"inLanguage\":\"de\"},{\"@type\":\"Organization\",\"@id\":\"https:\\\/\\\/dachfensterinfo.de\\\/cms\\\/#organization\",\"name\":\"dachfensterinfo.de\",\"url\":\"https:\\\/\\\/dachfensterinfo.de\\\/cms\\\/\",\"logo\":{\"@type\":\"ImageObject\",\"inLanguage\":\"de\",\"@id\":\"https:\\\/\\\/dachfensterinfo.de\\\/cms\\\/#\\\/schema\\\/logo\\\/image\\\/\",\"url\":\"https:\\\/\\\/dachfensterinfo.de\\\/cms\\\/wp-content\\\/uploads\\\/2024\\\/02\\\/Logo-1-e1708276715214.png\",\"contentUrl\":\"https:\\\/\\\/dachfensterinfo.de\\\/cms\\\/wp-content\\\/uploads\\\/2024\\\/02\\\/Logo-1-e1708276715214.png\",\"width\":300,\"height\":300,\"caption\":\"dachfensterinfo.de\"},\"image\":{\"@id\":\"https:\\\/\\\/dachfensterinfo.de\\\/cms\\\/#\\\/schema\\\/logo\\\/image\\\/\"},\"sameAs\":[\"https:\\\/\\\/www.facebook.com\\\/dachfensterinfo\",\"https:\\\/\\\/www.instagram.com\\\/dachfensterinfo\\\/\"]}]}<\/script>\n<!-- \/ Yoast SEO plugin. -->","yoast_head_json":{"title":"Wie alt ist mein Dachfenster?","description":"Finde heraus wie alt dein Dachfenster ist und erhalte direkt Hilfe und Empfehlungen f\u00fcr dein Dachfenster: Wartung, Austausch oder Zubeh\u00f6r.","robots":{"index":"index","follow":"follow","max-snippet":"max-snippet:-1","max-image-preview":"max-image-preview:large","max-video-preview":"max-video-preview:-1"},"canonical":"https:\/\/dachfensterinfo.de\/cms\/wie-alt-ist-mein-dachfenster\/","og_locale":"de_DE","og_type":"article","og_title":"Wie alt ist mein Dachfenster?","og_description":"Finde heraus wie alt dein Dachfenster ist und erhalte direkt Hilfe und Empfehlungen f\u00fcr dein Dachfenster: Wartung, Austausch oder Zubeh\u00f6r.","og_url":"https:\/\/dachfensterinfo.de\/cms\/wie-alt-ist-mein-dachfenster\/","og_site_name":"dachfensterinfo.de","article_publisher":"https:\/\/www.facebook.com\/dachfensterinfo","article_modified_time":"2024-02-12T10:36:54+00:00","og_image":[{"url":"https:\/\/dachfensterinfo.de\/cms\/wp-content\/uploads\/2024\/01\/velux-typenschild-1024x768.jpg","type":"","width":"","height":""}],"twitter_card":"summary_large_image","twitter_misc":{"Gesch\u00e4tzte Lesezeit":"2\u00a0Minuten"},"schema":{"@context":"https:\/\/schema.org","@graph":[{"@type":"WebPage","@id":"https:\/\/dachfensterinfo.de\/cms\/wie-alt-ist-mein-dachfenster\/","url":"https:\/\/dachfensterinfo.de\/cms\/wie-alt-ist-mein-dachfenster\/","name":"Wie alt ist mein Dachfenster?","isPartOf":{"@id":"https:\/\/dachfensterinfo.de\/cms\/#website"},"primaryImageOfPage":{"@id":"https:\/\/dachfensterinfo.de\/cms\/wie-alt-ist-mein-dachfenster\/#primaryimage"},"image":{"@id":"https:\/\/dachfensterinfo.de\/cms\/wie-alt-ist-mein-dachfenster\/#primaryimage"},"thumbnailUrl":"https:\/\/dachfensterinfo.de\/cms\/wp-content\/uploads\/2024\/01\/velux-typenschild-1024x768.jpg","datePublished":"2024-01-20T19:37:27+00:00","dateModified":"2024-02-12T10:36:54+00:00","description":"Finde heraus wie alt dein Dachfenster ist und erhalte direkt Hilfe und Empfehlungen f\u00fcr dein Dachfenster: Wartung, Austausch oder Zubeh\u00f6r.","breadcrumb":{"@id":"https:\/\/dachfensterinfo.de\/cms\/wie-alt-ist-mein-dachfenster\/#breadcrumb"},"inLanguage":"de","potentialAction":[{"@type":"ReadAction","target":["https:\/\/dachfensterinfo.de\/cms\/wie-alt-ist-mein-dachfenster\/"]}]},{"@type":"ImageObject","inLanguage":"de","@id":"https:\/\/dachfensterinfo.de\/cms\/wie-alt-ist-mein-dachfenster\/#primaryimage","url":"","contentUrl":""},{"@type":"BreadcrumbList","@id":"https:\/\/dachfensterinfo.de\/cms\/wie-alt-ist-mein-dachfenster\/#breadcrumb","itemListElement":[{"@type":"ListItem","position":1,"name":"Startseite","item":"https:\/\/dachfensterinfo.de\/cms\/"},{"@type":"ListItem","position":2,"name":"Wie alt ist mein Dachfenster?"}]},{"@type":"WebSite","@id":"https:\/\/dachfensterinfo.de\/cms\/#website","url":"https:\/\/dachfensterinfo.de\/cms\/","name":"dachfensterinfo.de","description":"","publisher":{"@id":"https:\/\/dachfensterinfo.de\/cms\/#organization"},"potentialAction":[{"@type":"SearchAction","target":{"@type":"EntryPoint","urlTemplate":"https:\/\/dachfensterinfo.de\/cms\/?s={search_term_string}"},"query-input":{"@type":"PropertyValueSpecification","valueRequired":true,"valueName":"search_term_string"}}],"inLanguage":"de"},{"@type":"Organization","@id":"https:\/\/dachfensterinfo.de\/cms\/#organization","name":"dachfensterinfo.de","url":"https:\/\/dachfensterinfo.de\/cms\/","logo":{"@type":"ImageObject","inLanguage":"de","@id":"https:\/\/dachfensterinfo.de\/cms\/#\/schema\/logo\/image\/","url":"https:\/\/dachfensterinfo.de\/cms\/wp-content\/uploads\/2024\/02\/Logo-1-e1708276715214.png","contentUrl":"https:\/\/dachfensterinfo.de\/cms\/wp-content\/uploads\/2024\/02\/Logo-1-e1708276715214.png","width":300,"height":300,"caption":"dachfensterinfo.de"},"image":{"@id":"https:\/\/dachfensterinfo.de\/cms\/#\/schema\/logo\/image\/"},"sameAs":["https:\/\/www.facebook.com\/dachfensterinfo","https:\/\/www.instagram.com\/dachfensterinfo\/"]}]}},"_links":{"self":[{"href":"https:\/\/dachfensterinfo.de\/cms\/wp-json\/wp\/v2\/pages\/6","targetHints":{"allow":["GET"]}}],"collection":[{"href":"https:\/\/dachfensterinfo.de\/cms\/wp-json\/wp\/v2\/pages"}],"about":[{"href":"https:\/\/dachfensterinfo.de\/cms\/wp-json\/wp\/v2\/types\/page"}],"author":[{"embeddable":true,"href":"https:\/\/dachfensterinfo.de\/cms\/wp-json\/wp\/v2\/users\/1"}],"replies":[{"embeddable":true,"href":"https:\/\/dachfensterinfo.de\/cms\/wp-json\/wp\/v2\/comments?post=6"}],"version-history":[{"count":6,"href":"https:\/\/dachfensterinfo.de\/cms\/wp-json\/wp\/v2\/pages\/6\/revisions"}],"predecessor-version":[{"id":337,"href":"https:\/\/dachfensterinfo.de\/cms\/wp-json\/wp\/v2\/pages\/6\/revisions\/337"}],"wp:attachment":[{"href":"https:\/\/dachfensterinfo.de\/cms\/wp-json\/wp\/v2\/media?parent=6"}],"curies":[{"name":"wp","href":"https:\/\/api.w.org\/{rel}","templated":true}]}}